{"id":1936,"date":"2016-11-13T17:04:46","date_gmt":"2016-11-13T17:04:46","guid":{"rendered":"http:\/\/albertmaso.com\/w\/?page_id=1936"},"modified":"2016-11-13T19:39:55","modified_gmt":"2016-11-13T19:39:55","slug":"profesionaliacion-del-fotografo","status":"publish","type":"page","link":"https:\/\/albertmaso.com\/w\/pro-services\/cursos-y-talleres-2\/profesionaliacion-del-fotografo\/","title":{"rendered":"Profesionalizar el fot\u00f3grafo"},"content":{"rendered":"<div  style='padding-bottom:10px; ' class='av-special-heading av-special-heading-h2  blockquote modern-quote modern-centered  avia-builder-el-0  el_before_av_image  avia-builder-el-first  '><h2 class='av-special-heading-tag '  itemprop=\"headline\"  >PROFESIONALIZAR EL FOT\u00d3GRAFO<\/h2><div class ='av-subheading av-subheading_below  ' style='font-size:15px;'><p>DERECHOS DE IMAGEN Y DE AUTOR, FISCALIDAD Y MARKETING<\/p>\n<\/div><div class='special-heading-border'><div class='special-heading-inner-border' ><\/div><\/div><\/div>\n<div  class='avia-image-container  av-styling-    avia-builder-el-1  el_after_av_heading  el_before_av_hr  avia-align-center '  itemprop=\"image\" itemscope=\"itemscope\" itemtype=\"https:\/\/schema.org\/ImageObject\"  ><div class='avia-image-container-inner'><div class='avia-image-overlay-wrap'><img class='avia_image' src='https:\/\/albertmaso.com\/w\/wp-content\/uploads\/2016\/11\/F-Profesionalizaci\u00f3n-300x201.jpg' alt='' title='PROFESIONALIZAR EL FOT\u00d3GRAFO' height=\"201\" width=\"300\"  itemprop=\"thumbnailUrl\"  \/><\/div><\/div><\/div>\n<div   class='hr hr-default   avia-builder-el-2  el_after_av_image  el_before_av_textblock '><span class='hr-inner ' ><span class='hr-inner-style'><\/span><\/span><\/div>\n<section class=\"av_textblock_section \"  itemscope=\"itemscope\" itemtype=\"https:\/\/schema.org\/CreativeWork\" ><div class='avia_textblock  '   itemprop=\"text\" ><p style=\"text-align: justify;\">En la primera parte se exponen los derechos de <strong>imagen<\/strong> de las personas fotografiadas y sus limitaciones, as\u00ed como los documentos necesarios que hay que obtener en cada caso. Se concreta el redactado adecuado de los permisos que hay que conseguir para captar im\u00e1genes de personas, distinguiendo si se hallan en recintos p\u00fablicos o privados. En definitiva, se explica todo lo necesario para que el fot\u00f3grafo pueda realizar su actividad de forma segura.<\/p>\n<p style=\"text-align: justify;\"><strong>\u00a0<\/strong><\/p>\n<p style=\"text-align: center;\"><strong>PROGRAMA<\/strong><\/p>\n<hr \/>\n<ul>\n<li>Concepto de derechos de imagen<\/li>\n<li>Respeto del derecho a la propia imagen<\/li>\n<li>Permisos individuales (personales) y gen\u00e9ricos (de instituciones, parques naturales, ayuntamientos, etc.) para la toma de fotograf\u00edas<\/li>\n<li>Ley espec\u00edfica de menores y la de personajes de relevancia p\u00fablica<\/li>\n<li>Legislaci\u00f3n aplicable en recintos privados y lugares p\u00fablicos<\/li>\n<li>Modelos de contrato: cesi\u00f3n de derechos de imagen<\/li>\n<li>Ejemplos pr\u00e1cticos y antecedentes jur\u00eddicos<\/li>\n<\/ul>\n<p><strong>\u00a0<\/strong><\/p>\n<p style=\"text-align: justify;\">En la segunda parte se explica el derecho de <strong>autor<\/strong> que se genera al realizar fotograf\u00edas en base a la ley de propiedad intelectual. Se aprende a defender, gestionar y reclamar este derecho, as\u00ed como a cederlo o venderlo en las distintas modalidades temporales y seg\u00fan el medio en que se publica: libros, revistas, televisi\u00f3n, audioviuales, p\u00e1ginas web&#8230;<\/p>\n<p style=\"text-align: justify;\"><strong>\u00a0<\/strong><\/p>\n<p style=\"text-align: center;\"><strong>PROGRAMA<\/strong><\/p>\n<hr \/>\n<ul>\n<li>Concepto de derechos de autor<\/li>\n<li>Autor\u00eda y copyright<\/li>\n<li>Legislaci\u00f3n de la propiedad intelectual<\/li>\n<li>Derechos morales y derechos econ\u00f3micos<\/li>\n<li>La ley dual<\/li>\n<li>Modelos de contrato<\/li>\n<li>Cesi\u00f3n y compra de derechos de reproducci\u00f3n<\/li>\n<li>Cesi\u00f3n no exclusiva y en exclusiva<\/li>\n<li>Ejemplos pr\u00e1cticos y antecedentes jur\u00eddicos<\/li>\n<\/ul>\n<p><strong>\u00a0<\/strong><\/p>\n<p style=\"text-align: justify;\">En la tercera parte se explica todo lo necesario para introducirse en el mundo fotogr\u00e1fico profesional. Desde el flujo de trabajo m\u00e1s adecuado para una captura digital segura y eficaz hasta c\u00f3mo archivar adecuadamente las fotos, bien documentadas y ordenadas para que las encuentres f\u00e1cilmente y puedas explotar comercialmente tu banco de im\u00e1genes. Tambi\u00e9n se ense\u00f1a a seleccionar las im\u00e1genes y c\u00f3mo preparar desde un <em>book<\/em> y un <em>composit<\/em> hasta un curr\u00edculum.<\/p>\n<p style=\"text-align: justify;\">Con todas estas herramientas ya se pasa a la fase siguiente: c\u00f3mo darse a conocer en el mercado laboral (asociaciones, congresos, concursos\u2026), c\u00f3mo captar clientes y c\u00f3mo hacer un buen <em>marqueting<\/em>: desde construir una web bien estructurada hasta planificar un <em>mailing<\/em> eficiente, pasando por conseguir una \u201cmarca personal\u201d y un logo atractivo.<\/p>\n<p style=\"text-align: justify;\">A continuaci\u00f3n, se ense\u00f1a c\u00f3mo trabajar por cuenta ajena o con las agencias fotogr\u00e1ficas, c\u00f3mo ser aut\u00f3nomo (<em>free lance<\/em>), c\u00f3mo hacer un encargo fotogr\u00e1fico, c\u00f3mo firmar un buen contrato, c\u00f3mo hacer una factura, etc. Finalmente, se aborda el tema de los seguros del fot\u00f3grafo y del equipo, la contabilidad, las declaraciones de IVA e IRPF y declaraci\u00f3n de renta. En definitiva, se exponen todos los procedimientos para la profesionalizaci\u00f3n del fot\u00f3grafo, sea cual sea su especialidad, y para posicionarse en el complejo mundo actual de la Fotograf\u00eda.<\/p>\n<p style=\"text-align: justify;\"><strong>\u00a0<\/strong><\/p>\n<p style=\"text-align: center;\"><strong>PROGRAMA<\/strong><\/p>\n<hr \/>\n<ul>\n<li>Flujo de trabajo<\/li>\n<li>Captura digital segura<\/li>\n<li>Documentaci\u00f3n y <em>key words<\/em><\/li>\n<li>El archivo fotogr\u00e1fico<\/li>\n<li>Edici\u00f3n de las im\u00e1genes<\/li>\n<li><em>Book<\/em> y <em>composit<\/em>.<\/li>\n<li>Curriculum y difusi\u00f3n<\/li>\n<li>Explotaci\u00f3n de un banco de im\u00e1genes<\/li>\n<li><em>Marqueting<\/em><\/li>\n<li>Gesti\u00f3n del encargo fotogr\u00e1fico<\/li>\n<li>El trabajo <em>free lance<\/em><\/li>\n<li>Contabilidad y obligaciones fiscales<\/li>\n<\/ul>\n<\/div><\/section>\n","protected":false},"excerpt":{"rendered":"","protected":false},"author":1,"featured_media":0,"parent":1888,"menu_order":6,"comment_status":"closed","ping_status":"closed","template":"","meta":[],"_links":{"self":[{"href":"https:\/\/albertmaso.com\/w\/wp-json\/wp\/v2\/pages\/1936"}],"collection":[{"href":"https:\/\/albertmaso.com\/w\/wp-json\/wp\/v2\/pages"}],"about":[{"href":"https:\/\/albertmaso.com\/w\/wp-json\/wp\/v2\/types\/page"}],"author":[{"embeddable":true,"href":"https:\/\/albertmaso.com\/w\/wp-json\/wp\/v2\/users\/1"}],"replies":[{"embeddable":true,"href":"https:\/\/albertmaso.com\/w\/wp-json\/wp\/v2\/comments?post=1936"}],"version-history":[{"count":6,"href":"https:\/\/albertmaso.com\/w\/wp-json\/wp\/v2\/pages\/1936\/revisions"}],"predecessor-version":[{"id":2007,"href":"https:\/\/albertmaso.com\/w\/wp-json\/wp\/v2\/pages\/1936\/revisions\/2007"}],"up":[{"embeddable":true,"href":"https:\/\/albertmaso.com\/w\/wp-json\/wp\/v2\/pages\/1888"}],"wp:attachment":[{"href":"https:\/\/albertmaso.com\/w\/wp-json\/wp\/v2\/media?parent=1936"}],"curies":[{"name":"wp","href":"https:\/\/api.w.org\/{rel}","templated":true}]}}